{"id":250121,"date":"2023-04-10T18:12:05","date_gmt":"2023-04-10T18:12:05","guid":{"rendered":"https:\/\/essentialworkerhealth.org\/hcsg-inscripcion-abierta-2023\/"},"modified":"2023-07-24T18:37:27","modified_gmt":"2023-07-24T18:37:27","slug":"hcsg-inscripcion-abierta-2023","status":"publish","type":"page","link":"https:\/\/essentialworkerhealth.org\/es\/hcsg-inscripcion-abierta-2023\/","title":{"rendered":"Empleados de HCSG"},"content":{"rendered":"<p>[et_pb_section fb_built=\u00bb1&#8243; custom_padding_last_edited=\u00bboff|desktop\u00bb _builder_version=\u00bb4.19.2&#8243; _module_preset=\u00bbe150f03c-f15b-4ec4-b9a5-5548d50b022b\u00bb min_height_tablet=\u00bb100px\u00bb min_height_last_edited=\u00bboff|desktop\u00bb custom_padding_phone=\u00bb0px||||false|false\u00bb locked=\u00bboff\u00bb global_colors_info=\u00bb{}\u00bb min_height__hover_enabled=\u00bboff|desktop\u00bb][et_pb_row custom_padding_last_edited=\u00bboff|desktop\u00bb _builder_version=\u00bb4.19.2&#8243; _module_preset=\u00bb75a1b6da-f05a-470c-9b17-a8c0f4b045ff\u00bb global_colors_info=\u00bb{}\u00bb][et_pb_column type=\u00bb4_4&#8243; _builder_version=\u00bb4.16&#8243; global_colors_info=\u00bb{}\u00bb][et_pb_text module_class=\u00bbaddLine\u00bb _builder_version=\u00bb4.19.2&#8243; header_text_color=\u00bb#FFFFFF\u00bb header_font_size=\u00bb40px\u00bb header_line_height=\u00bb34px\u00bb custom_margin=\u00bb||||false|false\u00bb custom_padding=\u00bb||||false|false\u00bb text_text_color_tablet=\u00bb\u00bb text_text_color_phone=\u00bb\u00bb text_text_color_last_edited=\u00bbon|phone\u00bb header_text_color_last_edited=\u00bboff|desktop\u00bb background_layout_tablet=\u00bb\u00bb background_layout_phone=\u00bb\u00bb background_layout_last_edited=\u00bbon|phone\u00bb locked=\u00bboff\u00bb global_colors_info=\u00bb{}\u00bb]<\/p>\n<h1>Empleados de HCSG<\/h1>\n<p>[\/et_pb_text][\/et_pb_column][\/et_pb_row][\/et_pb_section][et_pb_section fb_built=\u00bb1&#8243; _builder_version=\u00bb4.18.0&#8243; _module_preset=\u00bbdefault\u00bb global_colors_info=\u00bb{}\u00bb][et_pb_row _builder_version=\u00bb4.19.2&#8243; _module_preset=\u00bbdefault\u00bb global_colors_info=\u00bb{}\u00bb][et_pb_column type=\u00bb4_4&#8243; _builder_version=\u00bb4.19.2&#8243; _module_preset=\u00bbdefault\u00bb global_colors_info=\u00bb{}\u00bb][\/et_pb_column][\/et_pb_row][et_pb_row column_structure=\u00bb1_2,1_2&#8243; disabled_on=\u00bboff|off|off\u00bb admin_label=\u00bbInscripci\u00f3n abierta\u00bb _builder_version=\u00bb4.19.2&#8243; custom_padding=\u00bb||||false|false\u00bb global_colors_info=\u00bb{}\u00bb][et_pb_column type=\u00bb1_2&#8243; _builder_version=\u00bb4.16&#8243; global_colors_info=\u00bb{}\u00bb][et_pb_image src=\u00bbhttps:\/\/essentialworkerhealth.org\/wp-content\/uploads\/EWT-MEMBER-QUOTE2-pass2-scaled.jpg\u00bb title_text=\u00bbEWT MIEMBRO QUOTE2 pass2&#8243; _builder_version=\u00bb4.19.2&#8243; _module_preset=\u00bbdefault\u00bb global_colors_info=\u00bb{}\u00bb][\/et_pb_image][\/et_pb_column][et_pb_column type=\u00bb1_2&#8243; _builder_version=\u00bb4.16&#8243; global_colors_info=\u00bb{}\u00bb][et_pb_text _builder_version=\u00bb4.19.2&#8243; header_3_text_color=\u00bb#2A8546&#8243; custom_margin=\u00bb||-2px|||\u00bb custom_padding=\u00bb||0px|||\u00bb hover_enabled=\u00bb0&#8243; global_colors_info=\u00bb{}\u00bb sticky_enabled=\u00bb0&#8243;]<\/p>\n<p>P\u00f3ngase en contacto con su gestor de cuenta para inscribirse en las prestaciones sanitarias.<\/p>\n<p>Puede acogerse a este plan de salud si<\/p>\n<ol>\n<li>HCSG le considera empleado a tiempo completo,<\/li>\n<li>Eres miembro de SEIU Local 503.<\/li>\n<\/ol>\n<p>Tendr\u00e1s que llevar algunos datos para inscribirte:<\/p>\n<ul>\n<li>El nombre, la fecha de nacimiento y el n\u00famero de la Seguridad Social de todas las personas que figuran en su solicitud (por ejemplo, su c\u00f3nyuge y\/o las personas a su cargo)<\/li>\n<li>Si usted o las personas a su cargo tambi\u00e9n est\u00e1n cubiertos por otro plan de seguro m\u00e9dico, deber\u00e1 proporcionar tambi\u00e9n los detalles de esos planes<\/li>\n<li>Recuerde seleccionar \u00abHCSG\u00bb para su empleador.<\/li>\n<\/ul>\n<p>[\/et_pb_text][et_pb_cta url_new_window=\u00bbon\u00bb button_text=\u00bbInscripci\u00f3n pr\u00f3ximamente\u00bb disabled_on=\u00bboff|off|off\u00bb _builder_version=\u00bb4.19.2&#8243; _module_preset=\u00bbdefault\u00bb use_background_color=\u00bboff\u00bb button_text_color=\u00bb#FFFFFF\u00bb button_bg_color=\u00bb#094685&#8243; custom_margin=\u00bb10px||||false|false\u00bb box_shadow_style_button=\u00bbpreset1&#8243; global_colors_info=\u00bb{}\u00bb button_text_color__hover=\u00bb#094685&#8243; button_bg_color__hover_enabled=\u00bbon|desktop\u00bb button_bg_color__hover=\u00bb#094685&#8243;][\/et_pb_cta][\/et_pb_column][\/et_pb_row][et_pb_row _builder_version=\u00bb4.19.2&#8243; _module_preset=\u00bbdefault\u00bb global_colors_info=\u00bb{}\u00bb][et_pb_column type=\u00bb4_4&#8243; _builder_version=\u00bb4.19.2&#8243; _module_preset=\u00bbdefault\u00bb global_colors_info=\u00bb{}\u00bb][et_pb_divider _builder_version=\u00bb4.19.2&#8243; _module_preset=\u00bbdefault\u00bb global_colors_info=\u00bb{}\u00bb][\/et_pb_divider][et_pb_text _builder_version=\u00bb4.19.2&#8243; _module_preset=\u00bbdefault\u00bb global_colors_info=\u00bb{}\u00bb]<\/p>\n<p style=\"text-align: center;\"><strong>M\u00e1s informaci\u00f3n sobre las opciones y los costes de su plan de asistencia sanitaria<\/strong><\/p>\n<p>[\/et_pb_text][\/et_pb_column][\/et_pb_row][et_pb_row column_structure=\u00bb1_2,1_2&#8243; _builder_version=\u00bb4.19.2&#8243; _module_preset=\u00bbdefault\u00bb global_colors_info=\u00bb{}\u00bb][et_pb_column type=\u00bb1_2&#8243; _builder_version=\u00bb4.19.2&#8243; _module_preset=\u00bbdefault\u00bb global_colors_info=\u00bb{}\u00bb][et_pb_button button_url=\u00bbhttps:\/\/essentialworkerhealth.org\/wp-content\/uploads\/ewht_pck_print_en_20230112_JAN12-enrollment-guide.pdf\u00bb url_new_window=\u00bbon\u00bb button_text=\u00bbGu\u00eda de inscripci\u00f3n en ingl\u00e9s\u00bb button_alignment=\u00bbcenter\u00bb _builder_version=\u00bb4.19.2&#8243; _module_preset=\u00bbdefault\u00bb global_colors_info=\u00bb{}\u00bb][\/et_pb_button][et_pb_divider _builder_version=\u00bb4.19.2&#8243; _module_preset=\u00bbdefault\u00bb global_colors_info=\u00bb{}\u00bb][\/et_pb_divider][et_pb_button button_url=\u00bbhttps:\/\/essentialworkerhealth.org\/wp-content\/uploads\/EWHT-HSCG-HALF-PAGE_ENGLISH.pdf\u00bb url_new_window=\u00bbon\u00bb button_text=\u00bbFolleto de inscripci\u00f3n en ingl\u00e9s\u00bb button_alignment=\u00bbcenter\u00bb disabled_on=\u00bbon|on|on\u00bb _builder_version=\u00bb4.19.2&#8243; _module_preset=\u00bbdefault\u00bb disabled=\u00bbon\u00bb global_colors_info=\u00bb{}\u00bb][\/et_pb_button][et_pb_divider disabled_on=\u00bbon|on|on\u00bb _builder_version=\u00bb4.19.2&#8243; _module_preset=\u00bbdefault\u00bb disabled=\u00bbon\u00bb global_colors_info=\u00bb{}\u00bb][\/et_pb_divider][et_pb_button button_url=\u00bbhttps:\/\/essentialworkerhealth.org\/wp-content\/uploads\/HCSG-Monthly-Premiums-En-scaled.jpg\u00bb url_new_window=\u00bbon\u00bb button_text=\u00bbPrimas mensuales Ingl\u00e9s\u00bb button_alignment=\u00bbcenter\u00bb _builder_version=\u00bb4.19.2&#8243; _module_preset=\u00bbdefault\u00bb global_colors_info=\u00bb{}\u00bb][\/et_pb_button][\/et_pb_column][et_pb_column type=\u00bb1_2&#8243; _builder_version=\u00bb4.19.2&#8243; _module_preset=\u00bbdefault\u00bb global_colors_info=\u00bb{}\u00bb][et_pb_button button_url=\u00bbhttps:\/\/essentialworkerhealth.org\/wp-content\/uploads\/EWHT-Enrollment-Guide-2023-Spanish.pdf\u00bb url_new_window=\u00bbon\u00bb button_text=\u00bbGu\u00eda de inscripci\u00f3n en espa\u00f1ol\u00bb button_alignment=\u00bbcenter\u00bb _builder_version=\u00bb4.19.2&#8243; _module_preset=\u00bbdefault\u00bb global_colors_info=\u00bb{}\u00bb][\/et_pb_button][et_pb_divider _builder_version=\u00bb4.19.2&#8243; _module_preset=\u00bbdefault\u00bb global_colors_info=\u00bb{}\u00bb][\/et_pb_divider][et_pb_button button_url=\u00bbhttps:\/\/essentialworkerhealth.org\/wp-content\/uploads\/EWHT-HSCG-HALF-PAGE_SPANISH.pdf\u00bb url_new_window=\u00bbon\u00bb button_text=\u00bbFolleto de inscripci\u00f3n en espa\u00f1ol\u00bb button_alignment=\u00bbcenter\u00bb disabled_on=\u00bbon|on|on\u00bb _builder_version=\u00bb4.19.2&#8243; _module_preset=\u00bbdefault\u00bb disabled=\u00bbon\u00bb global_colors_info=\u00bb{}\u00bb][\/et_pb_button][et_pb_divider disabled_on=\u00bbon|on|on\u00bb _builder_version=\u00bb4.19.2&#8243; _module_preset=\u00bbdefault\u00bb disabled=\u00bbon\u00bb global_colors_info=\u00bb{}\u00bb][\/et_pb_divider][et_pb_button button_url=\u00bbhttps:\/\/essentialworkerhealth.org\/wp-content\/uploads\/HCSG-Monthly-Premiums-SP-scaled.jpg\u00bb url_new_window=\u00bbon\u00bb button_text=\u00bbPrimas mensuales Espa\u00f1ol\u00bb button_alignment=\u00bbcenter\u00bb _builder_version=\u00bb4.19.2&#8243; _module_preset=\u00bbdefault\u00bb global_colors_info=\u00bb{}\u00bb][\/et_pb_button][\/et_pb_column][\/et_pb_row][et_pb_row disabled_on=\u00bbon|on|on\u00bb _builder_version=\u00bb4.19.2&#8243; _module_preset=\u00bbdefault\u00bb disabled=\u00bbon\u00bb global_colors_info=\u00bb{}\u00bb][et_pb_column type=\u00bb4_4&#8243; _builder_version=\u00bb4.19.2&#8243; _module_preset=\u00bbdefault\u00bb global_colors_info=\u00bb{}\u00bb][et_pb_text _builder_version=\u00bb4.19.2&#8243; _module_preset=\u00bbdefault\u00bb global_colors_info=\u00bb{}\u00bb]<\/p>\n<p>Visitaremos sus instalaciones para ayudarle a inscribirse en el nuevo plan de asistencia sanitaria.<\/p>\n<p>Si no aparece ninguna hora de su centro o no ve su centro en esta lista, p\u00f3ngase en contacto con nosotros en <em><br \/>\n  <strong>essentialworker@risepartnership.com.<\/strong><br \/>\n<\/em><\/p>\n<p>[\/et_pb_text][et_pb_text _builder_version=\u00bb4.19.2&#8243; _module_preset=\u00bbdefault\u00bb global_colors_info=\u00bb{}\u00bb]<\/p>\n<table style=\"height: 897px;\" width=\"1333\">\n<tbody>\n<tr style=\"height: 23px;\">\n<td style=\"height: 23px; width: 550.3px;\">Avamere Crestview de Portland<\/td>\n<td style=\"height: 23px; width: 213.637px;\">6530 SW 30TH AVENUE<\/td>\n<td style=\"height: 23px; width: 152.562px;\">PORTLAND<\/td>\n<td style=\"height: 23px; width: 179.425px;\">Mi\u00e9rcoles, 19 de abril de 2023<\/td>\n<td style=\"height: 23px; width: 207.875px;\">11:00-12:00<\/td>\n<\/tr>\n<tr style=\"height: 23px;\">\n<td style=\"height: 23px; width: 550.3px;\">Servicios sanitarios Avamere de Rogue Valley<\/td>\n<td style=\"height: 23px; width: 213.637px;\">625 CALLE STEVENS<\/td>\n<td style=\"height: 23px; width: 152.562px;\">MEDFORD<\/td>\n<td style=\"height: 23px; width: 179.425px;\"> <\/td>\n<td style=\"height: 23px; width: 207.875px;\"> <\/td>\n<\/tr>\n<tr style=\"height: 23px;\">\n<td style=\"height: 23px; width: 550.3px;\">Avamere Riverpark Rehab<\/td>\n<td style=\"height: 23px; width: 213.637px;\">425 ALEXANDER LOOP<\/td>\n<td style=\"height: 23px; width: 152.562px;\">EUGENE<\/td>\n<td style=\"height: 23px; width: 179.425px;\">Jueves, 20 de abril de 2023<\/td>\n<td style=\"height: 23px; width: 207.875px;\">12:00pm &#8211; 1:00pm<\/td>\n<\/tr>\n<tr style=\"height: 23px;\">\n<td style=\"height: 23px; width: 550.3px;\">Cuidados de transici\u00f3n Avamere en Sunnyside<\/td>\n<td style=\"height: 23px; width: 213.637px;\">4515 SUNNYSIDE ROAD SE<\/td>\n<td style=\"height: 23px; width: 152.562px;\">SALEM<\/td>\n<td style=\"height: 23px; width: 179.425px;\">Jueves, 20 de abril de 2023<\/td>\n<td style=\"height: 23px; width: 207.875px;\">10:30-11:30<\/td>\n<\/tr>\n<tr style=\"height: 23px;\">\n<td style=\"height: 23px; width: 550.3px;\">Beaverton Rehab and Specialty Care<\/td>\n<td style=\"height: 23px; width: 213.637px;\">11850 SW ALLEN BOULEVARD<\/td>\n<td style=\"height: 23px; width: 152.562px;\">BEAVERTON<\/td>\n<td style=\"height: 23px; width: 179.425px;\">Martes, 18 de abril de 2023<\/td>\n<td style=\"height: 23px; width: 207.875px;\">10:00-11:00<\/td>\n<\/tr>\n<tr style=\"height: 23px;\">\n<td style=\"height: 23px; width: 550.3px;\">Cuidados transitorios en Bend<\/td>\n<td style=\"height: 23px; width: 213.637px;\">900 NE 27TH STREET<\/td>\n<td style=\"height: 23px; width: 152.562px;\">DOBLAR<\/td>\n<td style=\"height: 23px; width: 179.425px;\"> <\/td>\n<td style=\"height: 23px; width: 207.875px;\"> <\/td>\n<\/tr>\n<tr style=\"height: 23px;\">\n<td style=\"height: 23px; width: 550.3px;\">Rehabilitaci\u00f3n y atenci\u00f3n especializada de Clackamas<\/td>\n<td style=\"height: 23px; width: 213.637px;\">220 E HEREFORD STREET<\/td>\n<td style=\"height: 23px; width: 152.562px;\">GLADSTONE<\/td>\n<td style=\"height: 23px; width: 179.425px;\">Mi\u00e9rcoles, 19 de abril de 2023<\/td>\n<td style=\"height: 23px; width: 207.875px;\">10:00-11:00<\/td>\n<\/tr>\n<tr style=\"height: 23px;\">\n<td style=\"height: 23px; width: 550.3px;\">Rehabilitaci\u00f3n y cuidados especiales de Coos Bay<\/td>\n<td style=\"height: 23px; width: 213.637px;\">2625 KOOS BAY BOULEVARD<\/td>\n<td style=\"height: 23px; width: 152.562px;\">BAH\u00cdA DE COOS<\/td>\n<td style=\"height: 23px; width: 179.425px;\"> <\/td>\n<td style=\"height: 23px; width: 207.875px;\"> <\/td>\n<\/tr>\n<tr style=\"height: 23px;\">\n<td style=\"height: 23px; width: 550.3px;\">Centro de enfermer\u00eda y rehabilitaci\u00f3n Corvallis Manor<\/td>\n<td style=\"height: 23px; width: 213.637px;\">160 NE CONIFER BOULEVARD<\/td>\n<td style=\"height: 23px; width: 152.562px;\">CORVALLIS<\/td>\n<td style=\"height: 23px; width: 179.425px;\">Jueves, 20 de abril de 2023<\/td>\n<td style=\"height: 23px; width: 207.875px;\">15:00-16:00<\/td>\n<\/tr>\n<tr style=\"height: 23px;\">\n<td style=\"height: 23px; width: 550.3px;\">Eugene Rehab &amp; Specialty Care<\/td>\n<td style=\"height: 23px; width: 213.637px;\">2360 CALLE CHAMBERS<\/td>\n<td style=\"height: 23px; width: 152.562px;\">EUGENE<\/td>\n<td style=\"height: 23px; width: 179.425px;\">Mi\u00e9rcoles, 19 de abril de 2023<\/td>\n<td style=\"height: 23px; width: 207.875px;\">10:00-11:00<\/td>\n<\/tr>\n<tr style=\"height: 23px;\">\n<td style=\"height: 23px; width: 550.3px;\">Fincas Fernhill<\/td>\n<td style=\"height: 23px; width: 213.637px;\">5737 NE 37TH AVENUE<\/td>\n<td style=\"height: 23px; width: 152.562px;\">PORTLAND<\/td>\n<td style=\"height: 23px; width: 179.425px;\">Martes, 18 de abril de 2023<\/td>\n<td style=\"height: 23px; width: 207.875px;\">13:00-14:00<\/td>\n<\/tr>\n<tr style=\"height: 23px;\">\n<td style=\"height: 23px; width: 550.3px;\">Enfermer\u00eda y rehabilitaci\u00f3n French Prairie<\/td>\n<td style=\"height: 23px; width: 213.637px;\">601 EVERGREEN ROAD<\/td>\n<td style=\"height: 23px; width: 152.562px;\">WOODBURN<\/td>\n<td style=\"height: 23px; width: 179.425px;\">Mi\u00e9rcoles, 19 de abril de 2023<\/td>\n<td style=\"height: 23px; width: 207.875px;\">14:00-15:00<\/td>\n<\/tr>\n<tr style=\"height: 23px;\">\n<td style=\"height: 23px; width: 550.3px;\">Centro de Salud de Rehabilitaci\u00f3n Green Valley\/Centro de Rehabilitaci\u00f3n Kensington<\/td>\n<td style=\"height: 23px; width: 213.637px;\">1735 CALLE ADKINS<\/td>\n<td style=\"height: 23px; width: 152.562px;\">EUGENE<\/td>\n<td style=\"height: 23px; width: 179.425px;\">Viernes, 21 de abril de 2023<\/td>\n<td style=\"height: 23px; width: 207.875px;\">10:00-11:00<\/td>\n<\/tr>\n<tr style=\"height: 23px;\">\n<td style=\"height: 23px; width: 550.3px;\">Hearthstone Nursing &amp; Rheab\/Medford Nursing &amp; Rehab Center<\/td>\n<td style=\"height: 23px; width: 213.637px;\">2901 E BARNETT ROAD<\/td>\n<td style=\"height: 23px; width: 152.562px;\">MEDFORD<\/td>\n<td style=\"height: 23px; width: 179.425px;\"> <\/td>\n<td style=\"height: 23px; width: 207.875px;\"> <\/td>\n<\/tr>\n<tr style=\"height: 23px;\">\n<td style=\"height: 23px; width: 550.3px;\">Centro de enfermer\u00eda y rehabilitaci\u00f3n Highland House\/Centro de enfermer\u00eda y rehabilitaci\u00f3n Grants Pass<\/td>\n<td style=\"height: 23px; width: 213.637px;\">2201 NW HIGHLAND AVENUE<\/td>\n<td style=\"height: 23px; width: 152.562px;\">ABONO DE SUBVENCIONES<\/td>\n<td style=\"height: 23px; width: 179.425px;\"> <\/td>\n<td style=\"height: 23px; width: 207.875px;\"> <\/td>\n<\/tr>\n<tr style=\"height: 23px;\">\n<td style=\"height: 23px; width: 550.3px;\">Salud y rehabilitaci\u00f3n en Hillsboro<\/td>\n<td style=\"height: 23px; width: 213.637px;\">1778 NE CORNELL ROAD<\/td>\n<td style=\"height: 23px; width: 152.562px;\">HILLSBORO<\/td>\n<td style=\"height: 23px; width: 179.425px;\"> <\/td>\n<td style=\"height: 23px; width: 207.875px;\"> <\/td>\n<\/tr>\n<tr style=\"height: 23px;\">\n<td style=\"height: 23px; width: 550.3px;\">Hillsboro Health and Sepcialty Care<\/td>\n<td style=\"height: 23px; width: 213.637px;\">650 SE OAK STREET<\/td>\n<td style=\"height: 23px; width: 152.562px;\">HILLSBORO<\/td>\n<td style=\"height: 23px; width: 179.425px;\">Martes, 18 de abril de 2023<\/td>\n<td style=\"height: 23px; width: 207.875px;\">14:00-15:00<\/td>\n<\/tr>\n<tr style=\"height: 23px;\">\n<td style=\"height: 23px; width: 550.3px;\">Centro de rehabilitaci\u00f3n Hillside Heights\/Centro de rehabilitaci\u00f3n College Hill<\/td>\n<td style=\"height: 23px; width: 213.637px;\">1201 BULEVAR MCLEAN<\/td>\n<td style=\"height: 23px; width: 152.562px;\">EUGENE<\/td>\n<td style=\"height: 23px; width: 179.425px;\">Martes, 18 de abril de 2023<\/td>\n<td style=\"height: 23px; width: 207.875px;\">10:00-11:00<\/td>\n<\/tr>\n<tr style=\"height: 23px;\">\n<td style=\"height: 23px; width: 550.3px;\">Independence Health and Rehab<\/td>\n<td style=\"height: 23px; width: 213.637px;\">1525 AVENIDA MOMMOUTH<\/td>\n<td style=\"height: 23px; width: 152.562px;\">INDEPENDENCIA<\/td>\n<td style=\"height: 23px; width: 179.425px;\">Viernes, 21 de abril de 2023<\/td>\n<td style=\"height: 23px; width: 207.875px;\">9:00-10:00<\/td>\n<\/tr>\n<tr style=\"height: 23px;\">\n<td style=\"height: 23px; width: 550.3px;\">Junction City Rehab and Specialty Care<\/td>\n<td style=\"height: 23px; width: 213.637px;\">530 CALLE BIRCH<\/td>\n<td style=\"height: 23px; width: 152.562px;\">CIUDAD DE JUNCTION<\/td>\n<td style=\"height: 23px; width: 179.425px;\">Jueves, 20 de abril de 2023<\/td>\n<td style=\"height: 23px; width: 207.875px;\">10:00-11:00<\/td>\n<\/tr>\n<tr style=\"height: 23px;\">\n<td style=\"height: 23px; width: 550.3px;\">Convaleciente de King City<\/td>\n<td style=\"height: 23px; width: 213.637px;\">16485 SW PACIFIC HWY<\/td>\n<td style=\"height: 23px; width: 152.562px;\">TIGARD<\/td>\n<td style=\"height: 23px; width: 179.425px;\">Mi\u00e9rcoles, 19 de abril de 2023<\/td>\n<td style=\"height: 23px; width: 207.875px;\">13:00-14:00<\/td>\n<\/tr>\n<tr style=\"height: 23px;\">\n<td style=\"height: 23px; width: 550.3px;\">Lagrand Rehabilitaci\u00f3n Post Aguda<\/td>\n<td style=\"height: 23px; width: 213.637px;\">91 ARIES LANE<\/td>\n<td style=\"height: 23px; width: 152.562px;\">LA GRANDE<\/td>\n<td style=\"height: 23px; width: 179.425px;\"> <\/td>\n<td style=\"height: 23px; width: 207.875px;\"> <\/td>\n<\/tr>\n<tr style=\"height: 23px;\">\n<td style=\"height: 23px; width: 550.3px;\">Laurelhurst Village<\/td>\n<td style=\"height: 23px; width: 213.637px;\">3060 SE STARK STREET<\/td>\n<td style=\"height: 23px; width: 152.562px;\">PORTLAND<\/td>\n<td style=\"height: 23px; width: 179.425px;\">Martes, 18 de abril de 2023<\/td>\n<td style=\"height: 23px; width: 207.875px;\">9:00-10:00<\/td>\n<\/tr>\n<tr style=\"height: 23px;\">\n<td style=\"height: 23px; width: 550.3px;\">Rehabilitaci\u00f3n y atenci\u00f3n especializada Lebannon<\/td>\n<td style=\"height: 23px; width: 213.637px;\">350 S 8TH STREET<\/td>\n<td style=\"height: 23px; width: 152.562px;\">L\u00cdBANO<\/td>\n<td style=\"height: 23px; width: 179.425px;\">Viernes, 21 de abril de 2023<\/td>\n<td style=\"height: 23px; width: 207.875px;\">14:00-15:00<\/td>\n<\/tr>\n<tr style=\"height: 23px;\">\n<td style=\"height: 23px; width: 550.3px;\">Meadow Park Health and Specialty Care Ctr<\/td>\n<td style=\"height: 23px; width: 213.637px;\">75 PASEO MAR\u00cdTIMO<\/td>\n<td style=\"height: 23px; width: 152.562px;\">SANTA HELENA<\/td>\n<td style=\"height: 23px; width: 179.425px;\">Jueves, 20 de abril de 2023<\/td>\n<td style=\"height: 23px; width: 207.875px;\">11:00-12:00<\/td>\n<\/tr>\n<tr style=\"height: 23px;\">\n<td style=\"height: 23px; width: 550.3px;\">Salud y rehabilitaci\u00f3n Milton Freewater<\/td>\n<td style=\"height: 23px; width: 213.637px;\">CALLE ELZORA 120<\/td>\n<td style=\"height: 23px; width: 152.562px;\">MILTON FREEWATER<\/td>\n<td style=\"height: 23px; width: 179.425px;\"> <\/td>\n<td style=\"height: 23px; width: 207.875px;\"> <\/td>\n<\/tr>\n<tr style=\"height: 23px;\">\n<td style=\"height: 23px; width: 550.3px;\">Rehabilitaci\u00f3n Mountainview<\/td>\n<td style=\"height: 23px; width: 213.637px;\">1400 DIVISION STREET<\/td>\n<td style=\"height: 23px; width: 152.562px;\">CIUDAD DE OREG\u00d3N<\/td>\n<td style=\"height: 23px; width: 179.425px;\">Martes, 25 de abril de 2023<\/td>\n<td style=\"height: 23px; width: 207.875px;\">13:00-13:30<\/td>\n<\/tr>\n<tr style=\"height: 23px;\">\n<td style=\"height: 23px; width: 550.3px;\">Centro de atenci\u00f3n Myrtle Point<\/td>\n<td style=\"height: 23px; width: 213.637px;\">Calle Ash 637<\/td>\n<td style=\"height: 23px; width: 152.562px;\">Punto Myrtle<\/td>\n<td style=\"height: 23px; width: 179.425px;\"> <\/td>\n<td style=\"height: 23px; width: 207.875px;\"> <\/td>\n<\/tr>\n<tr style=\"height: 23px;\">\n<td style=\"height: 23px; width: 550.3px;\">Newport Rehab and Specialty Care<\/td>\n<td style=\"height: 23px; width: 213.637px;\">835 SW 11TH STREET<\/td>\n<td style=\"height: 23px; width: 152.562px;\">NEWPORT<\/td>\n<td style=\"height: 23px; width: 179.425px;\"> <\/td>\n<td style=\"height: 23px; width: 207.875px;\"> <\/td>\n<\/tr>\n<tr style=\"height: 23px;\">\n<td style=\"height: 23px; width: 550.3px;\">Pacific Health and Rehab<\/td>\n<td style=\"height: 23px; width: 213.637px;\">14145 SW 105TH AVENUE<\/td>\n<td style=\"height: 23px; width: 152.562px;\">TIGARD<\/td>\n<td style=\"height: 23px; width: 179.425px;\">Mi\u00e9rcoles, 19 de abril de 2023<\/td>\n<td style=\"height: 23px; width: 207.875px;\">11:00-12:00<\/td>\n<\/tr>\n<tr style=\"height: 23px;\">\n<td style=\"height: 23px; width: 550.3px;\">Centro de Salud y Rehabilitaci\u00f3n de Portland<\/td>\n<td style=\"height: 23px; width: 213.637px;\">12441 SE STARK STREET<\/td>\n<td style=\"height: 23px; width: 152.562px;\">PORTLAND<\/td>\n<td style=\"height: 23px; width: 179.425px;\">Martes, 18 de abril de 2023<\/td>\n<td style=\"height: 23px; width: 207.875px;\">11:00pm-12:00pm<\/td>\n<\/tr>\n<tr style=\"height: 23px;\">\n<td style=\"height: 23px; width: 550.3px;\">Centro de enfermer\u00eda Rose Haven\/Centro de enfermer\u00eda Sweet Briar<\/td>\n<td style=\"height: 23px; width: 213.637px;\">740 NW HILL AVENUE<\/td>\n<td style=\"height: 23px; width: 152.562px;\">ROSEBURG<\/td>\n<td style=\"height: 23px; width: 179.425px;\">Viernes, 21 de abril de 2023<\/td>\n<td style=\"height: 23px; width: 207.875px;\">13:00-14:00<\/td>\n<\/tr>\n<tr style=\"height: 23px;\">\n<td style=\"height: 23px; width: 550.3px;\">Centro de Salud y Rehabilitaci\u00f3n Royale Gardens\/Centro de Salud y Rehabilitaci\u00f3n Gilbert Creek<\/td>\n<td style=\"height: 23px; width: 213.637px;\">2075 NW HIGHLAND AVENUE<\/td>\n<td style=\"height: 23px; width: 152.562px;\">ABONO DE SUBVENCIONES<\/td>\n<td style=\"height: 23px; width: 179.425px;\"> <\/td>\n<td style=\"height: 23px; width: 207.875px;\"> <\/td>\n<\/tr>\n<tr style=\"height: 23px;\">\n<td style=\"height: 23px; width: 550.3px;\">Cuidados transitorios en Salem<\/td>\n<td style=\"height: 23px; width: 213.637px;\">3445 BOONE ROAD SE<\/td>\n<td style=\"height: 23px; width: 152.562px;\">SALEM<\/td>\n<td style=\"height: 23px; width: 179.425px;\">Jueves, 20 de abril de 2023<\/td>\n<td style=\"height: 23px; width: 207.875px;\">12:30-13:30<\/td>\n<\/tr>\n<tr style=\"height: 23px;\">\n<td style=\"height: 23px; width: 550.3px;\">Centro de rehabilitaci\u00f3n de South Hills\/Centro de rehabilitaci\u00f3n deamas Ridge<\/td>\n<td style=\"height: 23px; width: 213.637px;\">1166 E 28TH AVENUE<\/td>\n<td style=\"height: 23px; width: 152.562px;\">EUGENE<\/td>\n<td style=\"height: 23px; width: 179.425px;\">Martes, 25 de abril de 2023<\/td>\n<td style=\"height: 23px; width: 207.875px;\">9:00 &#8211; 10:00<\/td>\n<\/tr>\n<tr style=\"height: 23px;\">\n<td style=\"height: 23px; width: 550.3px;\">Centro de salud y rehabilitaci\u00f3n The Dalles<\/td>\n<td style=\"height: 23px; width: 213.637px;\">1023 W Calle 25<\/td>\n<td style=\"height: 23px; width: 152.562px;\">The Dalles<\/td>\n<td style=\"height: 23px; width: 179.425px;\"> <\/td>\n<td style=\"height: 23px; width: 207.875px;\"> <\/td>\n<\/tr>\n<tr style=\"height: 23px;\">\n<td style=\"height: 23px; width: 550.3px;\">Tres fuentes\/Waterford<\/td>\n<td style=\"height: 23px; width: 213.637px;\">835 CRATER LAKE AVENUE<\/td>\n<td style=\"height: 23px; width: 152.562px;\">MEDFORD<\/td>\n<td style=\"height: 23px; width: 179.425px;\"> <\/td>\n<td style=\"height: 23px; width: 207.875px;\"> <\/td>\n<\/tr>\n<tr style=\"height: 23px;\">\n<td style=\"height: 23px; width: 550.3px;\">Enfermer\u00eda y rehabilitaci\u00f3n Umpqua Valley<\/td>\n<td style=\"height: 23px; width: 213.637px;\">525 W UMPQUA STREET<\/td>\n<td style=\"height: 23px; width: 152.562px;\">ROSEBURG<\/td>\n<td style=\"height: 23px; width: 179.425px;\">Viernes, 21 de abril de 2023<\/td>\n<td style=\"height: 23px; width: 207.875px;\">15:00-16:00<\/td>\n<\/tr>\n<tr style=\"height: 23px;\">\n<td style=\"height: 23px; width: 550.3px;\">Centro de Salud y Rehabilitaci\u00f3n Windsor<\/td>\n<td style=\"height: 23px; width: 213.637px;\">820 Cottage Street NE<\/td>\n<td style=\"height: 23px; width: 152.562px;\">Salem<\/td>\n<td style=\"height: 23px; width: 179.425px;\">Viernes, 21 de abril de 2023<\/td>\n<td style=\"height: 23px; width: 207.875px;\">11:00-12:00<\/td>\n<\/tr>\n<\/tbody>\n<\/table>\n<p>[\/et_pb_text][\/et_pb_column][\/et_pb_row][\/et_pb_section][et_pb_section fb_built=\u00bb1&#8243; fullwidth=\u00bbon\u00bb disabled_on=\u00bbon|on|on\u00bb _builder_version=\u00bb4.18.0&#8243; _module_preset=\u00bbdefault\u00bb disabled=\u00bbon\u00bb global_colors_info=\u00bb{}\u00bb][et_pb_fullwidth_header title=\u00bbSu t\u00edtulo va aqu\u00ed\u00bb button_one_text=\u00bbHaga clic aqu\u00ed\u00bb _builder_version=\u00bb4.18.0&#8243; _module_preset=\u00bbdefault\u00bb global_colors_info=\u00bb{}\u00bb]<\/p>\n<p>Su contenido va aqu\u00ed. Edite o elimine este texto en l\u00ednea o en la configuraci\u00f3n del m\u00f3dulo Contenido. Tambi\u00e9n puedes estilizar cada aspecto de este contenido en la configuraci\u00f3n del m\u00f3dulo Dise\u00f1o e incluso aplicar CSS personalizado a este texto en la configuraci\u00f3n avanzada del m\u00f3dulo.<\/p>\n<p>[\/et_pb_fullwidth_header][\/et_pb_section]<\/p>\n","protected":false},"excerpt":{"rendered":"<p>Prep\u00e1rese para inscribirse en sus prestaciones<br \/>\nInf\u00f3rmese sobre c\u00f3mo inscribirse en l\u00ednea o por correo durante el periodo de inscripci\u00f3n abierta o durante un periodo de inscripci\u00f3n especial. <\/p>\n","protected":false},"author":7,"featured_media":250015,"parent":0,"menu_order":0,"comment_status":"closed","ping_status":"closed","template":"","meta":{"_acf_changed":false,"_et_pb_use_builder":"on","_et_pb_old_content":"","_et_gb_content_width":"","footnotes":""},"class_list":["post-250121","page","type-page","status-publish","has-post-thumbnail","hentry"],"acf":[],"yoast_head":"<!-- This site is optimized with the Yoast SEO plugin v28.3 - https:\/\/yoast.com\/product\/yoast-seo-wordpress\/ -->\n<title>Empleados de HCSG en la del Plan de Salud | Essential Worker Healthcare Trust<\/title>\n<meta name=\"description\" content=\"Prep\u00e1rese para inscribirse en sus prestaciones Inf\u00f3rmese sobre c\u00f3mo inscribirse en l\u00ednea o por correo durante el periodo de inscripci\u00f3n abierta o durante un periodo de inscripci\u00f3n especial.\" \/>\n<meta name=\"robots\" content=\"index, follow, max-snippet:-1, max-image-preview:large, max-video-preview:-1\" \/>\n<link rel=\"canonical\" href=\"https:\/\/essentialworkerhealth.org\/es\/hcsg-inscripcion-abierta-2023\/\" \/>\n<meta property=\"og:locale\" content=\"es_ES\" \/>\n<meta property=\"og:type\" content=\"article\" \/>\n<meta property=\"og:title\" content=\"Empleados de HCSG en la del Plan de Salud | Essential Worker Healthcare Trust\" \/>\n<meta property=\"og:description\" content=\"Prep\u00e1rese para inscribirse en sus prestaciones Inf\u00f3rmese sobre c\u00f3mo inscribirse en l\u00ednea o por correo durante el periodo de inscripci\u00f3n abierta o durante un periodo de inscripci\u00f3n especial.\" \/>\n<meta property=\"og:url\" content=\"https:\/\/essentialworkerhealth.org\/es\/hcsg-inscripcion-abierta-2023\/\" \/>\n<meta property=\"og:site_name\" content=\"Essential Worker Healthcare Trust\" \/>\n<meta property=\"article:modified_time\" content=\"2023-07-24T18:37:27+00:00\" \/>\n<meta property=\"og:image\" content=\"https:\/\/essentialworkerhealth.org\/wp-content\/uploads\/EWT-MEMBER-QUOTE2-pass2-scaled.jpg\" \/>\n\t<meta property=\"og:image:width\" content=\"2560\" \/>\n\t<meta property=\"og:image:height\" content=\"1978\" \/>\n\t<meta property=\"og:image:type\" content=\"image\/jpeg\" \/>\n<meta name=\"twitter:card\" content=\"summary_large_image\" \/>\n<meta name=\"twitter:label1\" content=\"Tiempo de lectura\" \/>\n\t<meta name=\"twitter:data1\" content=\"5 minutos\" \/>\n<script type=\"application\/ld+json\" class=\"yoast-schema-graph\">{\"@context\":\"https:\\\/\\\/schema.org\",\"@graph\":[{\"@type\":\"WebPage\",\"@id\":\"https:\\\/\\\/essentialworkerhealth.org\\\/es\\\/hcsg-inscripcion-abierta-2023\\\/\",\"url\":\"https:\\\/\\\/essentialworkerhealth.org\\\/es\\\/hcsg-inscripcion-abierta-2023\\\/\",\"name\":\"Empleados de HCSG en la del Plan de Salud | Essential Worker Healthcare Trust\",\"isPartOf\":{\"@id\":\"https:\\\/\\\/essentialworkerhealth.org\\\/es\\\/#website\"},\"primaryImageOfPage\":{\"@id\":\"https:\\\/\\\/essentialworkerhealth.org\\\/es\\\/hcsg-inscripcion-abierta-2023\\\/#primaryimage\"},\"image\":{\"@id\":\"https:\\\/\\\/essentialworkerhealth.org\\\/es\\\/hcsg-inscripcion-abierta-2023\\\/#primaryimage\"},\"thumbnailUrl\":\"https:\\\/\\\/essentialworkerhealth.org\\\/wp-content\\\/uploads\\\/EWT-MEMBER-QUOTE2-pass2-scaled.jpg\",\"datePublished\":\"2023-04-10T18:12:05+00:00\",\"dateModified\":\"2023-07-24T18:37:27+00:00\",\"description\":\"Prep\u00e1rese para inscribirse en sus prestaciones Inf\u00f3rmese sobre c\u00f3mo inscribirse en l\u00ednea o por correo durante el periodo de inscripci\u00f3n abierta o durante un periodo de inscripci\u00f3n especial.\",\"breadcrumb\":{\"@id\":\"https:\\\/\\\/essentialworkerhealth.org\\\/es\\\/hcsg-inscripcion-abierta-2023\\\/#breadcrumb\"},\"inLanguage\":\"es\",\"potentialAction\":[{\"@type\":\"ReadAction\",\"target\":[\"https:\\\/\\\/essentialworkerhealth.org\\\/es\\\/hcsg-inscripcion-abierta-2023\\\/\"]}]},{\"@type\":\"ImageObject\",\"inLanguage\":\"es\",\"@id\":\"https:\\\/\\\/essentialworkerhealth.org\\\/es\\\/hcsg-inscripcion-abierta-2023\\\/#primaryimage\",\"url\":\"https:\\\/\\\/essentialworkerhealth.org\\\/wp-content\\\/uploads\\\/EWT-MEMBER-QUOTE2-pass2-scaled.jpg\",\"contentUrl\":\"https:\\\/\\\/essentialworkerhealth.org\\\/wp-content\\\/uploads\\\/EWT-MEMBER-QUOTE2-pass2-scaled.jpg\",\"width\":2560,\"height\":1978},{\"@type\":\"BreadcrumbList\",\"@id\":\"https:\\\/\\\/essentialworkerhealth.org\\\/es\\\/hcsg-inscripcion-abierta-2023\\\/#breadcrumb\",\"itemListElement\":[{\"@type\":\"ListItem\",\"position\":1,\"name\":\"Home\",\"item\":\"https:\\\/\\\/essentialworkerhealth.org\\\/es\\\/\"},{\"@type\":\"ListItem\",\"position\":2,\"name\":\"Empleados de HCSG\"}]},{\"@type\":\"WebSite\",\"@id\":\"https:\\\/\\\/essentialworkerhealth.org\\\/es\\\/#website\",\"url\":\"https:\\\/\\\/essentialworkerhealth.org\\\/es\\\/\",\"name\":\"Essential Worker Healthcare Trust\",\"description\":\"\",\"potentialAction\":[{\"@type\":\"SearchAction\",\"target\":{\"@type\":\"EntryPoint\",\"urlTemplate\":\"https:\\\/\\\/essentialworkerhealth.org\\\/es\\\/?s={search_term_string}\"},\"query-input\":{\"@type\":\"PropertyValueSpecification\",\"valueRequired\":true,\"valueName\":\"search_term_string\"}}],\"inLanguage\":\"es\"}]}<\/script>\n<!-- \/ Yoast SEO plugin. -->","yoast_head_json":{"title":"Empleados de HCSG en la del Plan de Salud | Essential Worker Healthcare Trust","description":"Prep\u00e1rese para inscribirse en sus prestaciones Inf\u00f3rmese sobre c\u00f3mo inscribirse en l\u00ednea o por correo durante el periodo de inscripci\u00f3n abierta o durante un periodo de inscripci\u00f3n especial.","robots":{"index":"index","follow":"follow","max-snippet":"max-snippet:-1","max-image-preview":"max-image-preview:large","max-video-preview":"max-video-preview:-1"},"canonical":"https:\/\/essentialworkerhealth.org\/es\/hcsg-inscripcion-abierta-2023\/","og_locale":"es_ES","og_type":"article","og_title":"Empleados de HCSG en la del Plan de Salud | Essential Worker Healthcare Trust","og_description":"Prep\u00e1rese para inscribirse en sus prestaciones Inf\u00f3rmese sobre c\u00f3mo inscribirse en l\u00ednea o por correo durante el periodo de inscripci\u00f3n abierta o durante un periodo de inscripci\u00f3n especial.","og_url":"https:\/\/essentialworkerhealth.org\/es\/hcsg-inscripcion-abierta-2023\/","og_site_name":"Essential Worker Healthcare Trust","article_modified_time":"2023-07-24T18:37:27+00:00","og_image":[{"width":2560,"height":1978,"url":"https:\/\/essentialworkerhealth.org\/wp-content\/uploads\/EWT-MEMBER-QUOTE2-pass2-scaled.jpg","type":"image\/jpeg"}],"twitter_card":"summary_large_image","twitter_misc":{"Tiempo de lectura":"5 minutos"},"schema":{"@context":"https:\/\/schema.org","@graph":[{"@type":"WebPage","@id":"https:\/\/essentialworkerhealth.org\/es\/hcsg-inscripcion-abierta-2023\/","url":"https:\/\/essentialworkerhealth.org\/es\/hcsg-inscripcion-abierta-2023\/","name":"Empleados de HCSG en la del Plan de Salud | Essential Worker Healthcare Trust","isPartOf":{"@id":"https:\/\/essentialworkerhealth.org\/es\/#website"},"primaryImageOfPage":{"@id":"https:\/\/essentialworkerhealth.org\/es\/hcsg-inscripcion-abierta-2023\/#primaryimage"},"image":{"@id":"https:\/\/essentialworkerhealth.org\/es\/hcsg-inscripcion-abierta-2023\/#primaryimage"},"thumbnailUrl":"https:\/\/essentialworkerhealth.org\/wp-content\/uploads\/EWT-MEMBER-QUOTE2-pass2-scaled.jpg","datePublished":"2023-04-10T18:12:05+00:00","dateModified":"2023-07-24T18:37:27+00:00","description":"Prep\u00e1rese para inscribirse en sus prestaciones Inf\u00f3rmese sobre c\u00f3mo inscribirse en l\u00ednea o por correo durante el periodo de inscripci\u00f3n abierta o durante un periodo de inscripci\u00f3n especial.","breadcrumb":{"@id":"https:\/\/essentialworkerhealth.org\/es\/hcsg-inscripcion-abierta-2023\/#breadcrumb"},"inLanguage":"es","potentialAction":[{"@type":"ReadAction","target":["https:\/\/essentialworkerhealth.org\/es\/hcsg-inscripcion-abierta-2023\/"]}]},{"@type":"ImageObject","inLanguage":"es","@id":"https:\/\/essentialworkerhealth.org\/es\/hcsg-inscripcion-abierta-2023\/#primaryimage","url":"https:\/\/essentialworkerhealth.org\/wp-content\/uploads\/EWT-MEMBER-QUOTE2-pass2-scaled.jpg","contentUrl":"https:\/\/essentialworkerhealth.org\/wp-content\/uploads\/EWT-MEMBER-QUOTE2-pass2-scaled.jpg","width":2560,"height":1978},{"@type":"BreadcrumbList","@id":"https:\/\/essentialworkerhealth.org\/es\/hcsg-inscripcion-abierta-2023\/#breadcrumb","itemListElement":[{"@type":"ListItem","position":1,"name":"Home","item":"https:\/\/essentialworkerhealth.org\/es\/"},{"@type":"ListItem","position":2,"name":"Empleados de HCSG"}]},{"@type":"WebSite","@id":"https:\/\/essentialworkerhealth.org\/es\/#website","url":"https:\/\/essentialworkerhealth.org\/es\/","name":"Essential Worker Healthcare Trust","description":"","potentialAction":[{"@type":"SearchAction","target":{"@type":"EntryPoint","urlTemplate":"https:\/\/essentialworkerhealth.org\/es\/?s={search_term_string}"},"query-input":{"@type":"PropertyValueSpecification","valueRequired":true,"valueName":"search_term_string"}}],"inLanguage":"es"}]}},"_links":{"self":[{"href":"https:\/\/essentialworkerhealth.org\/es\/wp-json\/wp\/v2\/pages\/250121","targetHints":{"allow":["GET"]}}],"collection":[{"href":"https:\/\/essentialworkerhealth.org\/es\/wp-json\/wp\/v2\/pages"}],"about":[{"href":"https:\/\/essentialworkerhealth.org\/es\/wp-json\/wp\/v2\/types\/page"}],"author":[{"embeddable":true,"href":"https:\/\/essentialworkerhealth.org\/es\/wp-json\/wp\/v2\/users\/7"}],"replies":[{"embeddable":true,"href":"https:\/\/essentialworkerhealth.org\/es\/wp-json\/wp\/v2\/comments?post=250121"}],"version-history":[{"count":0,"href":"https:\/\/essentialworkerhealth.org\/es\/wp-json\/wp\/v2\/pages\/250121\/revisions"}],"wp:featuredmedia":[{"embeddable":true,"href":"https:\/\/essentialworkerhealth.org\/es\/wp-json\/wp\/v2\/media\/250015"}],"wp:attachment":[{"href":"https:\/\/essentialworkerhealth.org\/es\/wp-json\/wp\/v2\/media?parent=250121"}],"curies":[{"name":"wp","href":"https:\/\/api.w.org\/{rel}","templated":true}]}}